{"id":56,"date":"2018-08-12T12:46:29","date_gmt":"2018-08-12T12:46:29","guid":{"rendered":"http:\/\/gaestehaus-walser.de\/?page_id=56"},"modified":"2018-08-26T16:03:57","modified_gmt":"2018-08-26T16:03:57","slug":"gaestezimmer","status":"publish","type":"page","link":"http:\/\/gaestehaus-walser.de\/?page_id=56","title":{"rendered":"Info G\u00e4stezimmer"},"content":{"rendered":"<p><span style=\"color: #0000ff;\"><strong>2 Doppelzimmer (auch als Einzelzimmer oder mit Zustellbett als Dreibettzimmer nutzbar)<\/strong><\/span><\/p>\n<p><strong>Essen:<\/strong><\/p>\n<ul>\n<li>Fr\u00fchst\u00fcck m\u00f6glich<\/li>\n<\/ul>\n<p><strong>Ausstattung:<\/strong><\/p>\n<ul>\n<li>Dusche\/WC<\/li>\n<li>Nichtraucher Zimmer<\/li>\n<li>teilweise Balkon<\/li>\n<li>falls erw\u00fcnscht Kinderbett\/Zustellbett<\/li>\n<li><span style=\"font-family: Arial, Helvetica, sans-serif;\">K\u00fchlschrank<br \/>\n<\/span><\/li>\n<li>Kaffeemaschine und Wasserkocher nutzbar<\/li>\n<li><span style=\"font-family: Arial, Helvetica, sans-serif;\">Fernseher auf dem Zimmer (SAT-TV)<\/span><\/li>\n<li><span style=\"font-family: Arial, Helvetica, sans-serif;\">Radio \u00fcber TV-SAT Anlage<\/span><\/li>\n<li><span style=\"font-family: Arial, Helvetica, sans-serif;\">Internetzugang \u00fcber W-LAN<\/span><\/li>\n<\/ul>\n<p><strong>Sonstiges:<\/strong><\/p>\n<ul>\n<li><span style=\"font-family: Arial, Helvetica, sans-serif;\">Aufenthaltsraum, kostenlose Parkpl\u00e4tze vorhanden<\/span><\/li>\n<li>Nutzbare Terrasse mit Terrassenm\u00f6beln<\/li>\n<\/ul>\n","protected":false},"excerpt":{"rendered":"<p>2 Doppelzimmer (auch als Einzelzimmer oder mit Zustellbett als Dreibettzimmer nutzbar) Essen: Fr\u00fchst\u00fcck m\u00f6glich Ausstattung: Dusche\/WC Nichtraucher Zimmer teilweise Balkon falls erw\u00fcnscht Kinderbett\/Zustellbett K\u00fchlschrank Kaffeemaschine und Wasserkocher nutzbar Fernseher auf dem Zimmer (SAT-TV) Radio \u00fcber TV-SAT Anlage Internetzugang \u00fcber W-LAN Sonstiges: Aufenthaltsraum, kostenlose Parkpl\u00e4tze vorhanden Nutzbare Terrasse mit Terrassenm\u00f6beln<\/p>\n","protected":false},"author":1,"featured_media":0,"parent":0,"menu_order":0,"comment_status":"closed","ping_status":"closed","template":"","meta":[],"_links":{"self":[{"href":"http:\/\/gaestehaus-walser.de\/index.php?rest_route=\/wp\/v2\/pages\/56"}],"collection":[{"href":"http:\/\/gaestehaus-walser.de\/index.php?rest_route=\/wp\/v2\/pages"}],"about":[{"href":"http:\/\/gaestehaus-walser.de\/index.php?rest_route=\/wp\/v2\/types\/page"}],"author":[{"embeddable":true,"href":"http:\/\/gaestehaus-walser.de\/index.php?rest_route=\/wp\/v2\/users\/1"}],"replies":[{"embeddable":true,"href":"http:\/\/gaestehaus-walser.de\/index.php?rest_route=%2Fwp%2Fv2%2Fcomments&post=56"}],"version-history":[{"count":6,"href":"http:\/\/gaestehaus-walser.de\/index.php?rest_route=\/wp\/v2\/pages\/56\/revisions"}],"predecessor-version":[{"id":145,"href":"http:\/\/gaestehaus-walser.de\/index.php?rest_route=\/wp\/v2\/pages\/56\/revisions\/145"}],"wp:attachment":[{"href":"http:\/\/gaestehaus-walser.de\/index.php?rest_route=%2Fwp%2Fv2%2Fmedia&parent=56"}],"curies":[{"name":"wp","href":"https:\/\/api.w.org\/{rel}","templated":true}]}}